{"id":16512,"date":"2026-04-20T17:01:55","date_gmt":"2026-04-20T16:01:55","guid":{"rendered":"https:\/\/festivalmed.cm-loule.pt\/?page_id=16512"},"modified":"2026-04-20T17:10:21","modified_gmt":"2026-04-20T16:10:21","slug":"los-van-van-cu","status":"publish","type":"page","link":"https:\/\/festivalmed.cm-loule.pt\/en\/27jun\/los-van-van-cu\/","title":{"rendered":"Los Van Van (CU)"},"content":{"rendered":"<div class=\"vc_row wpb_row vc_row-fluid qodef-section vc_custom_1622542805246 qodef-content-aligment-left qodef-grid-section\" style=\"\"><div class=\"clearfix qodef-section-inner\"><div class=\"qodef-section-inner-margin clearfix\"><div class=\"wpb_column vc_column_container vc_col-sm-12\"><div class=\"vc_column-inner vc_custom_1622541582114\"><div class=\"wpb_wrapper\">\n\t\t\t<!-- START imagetoppages2026 REVOLUTION SLIDER 6.5.11 --><p class=\"rs-p-wp-fix\"><\/p>\n\t\t\t<rs-module-wrap id=\"rev_slider_53_1_wrapper\" data-source=\"gallery\" style=\"visibility:hidden;background:transparent;padding:0;margin:0px auto;margin-top:0;margin-bottom:0;\">\n\t\t\t\t<rs-module id=\"rev_slider_53_1\" class=\" rs-ov-hidden\" style=\"\" data-version=\"6.5.11\">\n\t\t\t\t\t<rs-slides>\n\t\t\t\t\t\t<rs-slide style=\"position: absolute;\" data-key=\"rs-72\" data-title=\"Slide\" data-anim=\"ms:10;\" data-in=\"o:1;\" data-out=\"a:false;\">\n\t\t\t\t\t\t\t<img fetchpriority=\"high\" decoding=\"async\" src=\"\/\/festivalmed.cm-loule.pt\/wp-content\/plugins\/revslider\/public\/assets\/assets\/dummy.png\" title=\"img-site2026-bg-top\" width=\"2560\" height=\"636\" class=\"rev-slidebg tp-rs-img rs-lazyload\" data-lazyload=\"\/\/festivalmed.cm-loule.pt\/wp-content\/uploads\/2016\/09\/img-site2026-bg-top.jpg\" data-parallax=\"3\" data-panzoom=\"d:13000;ss:100;se:110;\" data-no-retina>\n<!---->\t\t\t\t\t\t<\/rs-slide>\n\t\t\t\t\t<\/rs-slides>\n\t\t\t\t<\/rs-module>\n\t\t\t\t<script type=\"text\/javascript\">\n\t\t\t\t\tsetREVStartSize({c: 'rev_slider_53_1',rl:[1240,1024,778,480],el:[300,300,200,150],gw:[1300,800,600,300],gh:[300,300,200,150],type:'standard',justify:'',layout:'fullwidth',mh:\"0\"});if (window.RS_MODULES!==undefined && window.RS_MODULES.modules!==undefined && window.RS_MODULES.modules[\"revslider531\"]!==undefined) {window.RS_MODULES.modules[\"revslider531\"].once = false;window.revapi53 = undefined;if (window.RS_MODULES.checkMinimal!==undefined) window.RS_MODULES.checkMinimal()}\n\t\t\t\t<\/script>\n\t\t\t<\/rs-module-wrap>\n\t\t\t<!-- END REVOLUTION SLIDER -->\n<\/div><\/div><\/div><\/div><\/div><\/div><div class=\"vc_row wpb_row vc_row-fluid qodef-section vc_custom_1682604908361 qodef-content-aligment-left qodef-grid-section\" style=\"\"><div class=\"clearfix qodef-section-inner\"><div class=\"qodef-section-inner-margin clearfix\"><div class=\"wpb_column vc_column_container vc_col-sm-12\"><div class=\"vc_column-inner vc_custom_1622541582114\"><div class=\"wpb_wrapper\"><div class=\"qodef-separator-holder clearfix  qodef-separator-center\">\n\t<div class=\"qodef-separator\" style=\"margin-top: 80px\"><\/div>\n<\/div>\n\n\t<div class=\"wpb_text_column wpb_content_element \" >\n\t\t<div class=\"wpb_wrapper\">\n\t\t\t<div class=\"aioseo-breadcrumbs\"><span class=\"aioseo-breadcrumb\">\n\t\t\tHome\n\t\t<\/span><\/div>\n\n\t\t<\/div>\n\t<\/div>\n<\/div><\/div><\/div><\/div><\/div><\/div><div class=\"vc_row wpb_row vc_row-fluid qodef-section vc_custom_1682435574170 qodef-content-aligment-left\" style=\"\"><div class=\"clearfix qodef-full-section-inner\"><div class=\"wpb_column vc_column_container vc_col-sm-4 vc_col-lg-6 vc_col-md-6\"><div class=\"vc_column-inner vc_custom_1682436744188\"><div class=\"wpb_wrapper\"><div class=\"qodef-separator-holder clearfix  qodef-separator-center\">\n\t<div class=\"qodef-separator\" style=\"margin-top: 80px\"><\/div>\n<\/div>\n\n\t<div  class=\"wpb_single_image wpb_content_element vc_align_left\">\n\t\t\n\t\t<figure class=\"wpb_wrapper vc_figure\">\n\t\t\t<div class=\"vc_single_image-wrapper   vc_box_border_grey\"><img decoding=\"async\" width=\"1300\" height=\"1300\" src=\"https:\/\/festivalmed.cm-loule.pt\/wp-content\/uploads\/2016\/09\/LosVanVan-1300px.jpg\" class=\"vc_single_image-img attachment-full\" alt=\"\" srcset=\"https:\/\/festivalmed.cm-loule.pt\/wp-content\/uploads\/2016\/09\/LosVanVan-1300px.jpg 1300w, https:\/\/festivalmed.cm-loule.pt\/wp-content\/uploads\/2016\/09\/LosVanVan-1300px-300x300.jpg 300w, https:\/\/festivalmed.cm-loule.pt\/wp-content\/uploads\/2016\/09\/LosVanVan-1300px-1024x1024.jpg 1024w, https:\/\/festivalmed.cm-loule.pt\/wp-content\/uploads\/2016\/09\/LosVanVan-1300px-150x150.jpg 150w, https:\/\/festivalmed.cm-loule.pt\/wp-content\/uploads\/2016\/09\/LosVanVan-1300px-768x768.jpg 768w, https:\/\/festivalmed.cm-loule.pt\/wp-content\/uploads\/2016\/09\/LosVanVan-1300px-12x12.jpg 12w, https:\/\/festivalmed.cm-loule.pt\/wp-content\/uploads\/2016\/09\/LosVanVan-1300px-550x550.jpg 550w, https:\/\/festivalmed.cm-loule.pt\/wp-content\/uploads\/2016\/09\/LosVanVan-1300px-1000x1000.jpg 1000w, https:\/\/festivalmed.cm-loule.pt\/wp-content\/uploads\/2016\/09\/LosVanVan-1300px-650x650.jpg 650w, https:\/\/festivalmed.cm-loule.pt\/wp-content\/uploads\/2016\/09\/LosVanVan-1300px-400x400.jpg 400w, https:\/\/festivalmed.cm-loule.pt\/wp-content\/uploads\/2016\/09\/LosVanVan-1300px-960x960.jpg 960w\" sizes=\"(max-width: 1300px) 100vw, 1300px\" \/><\/div>\n\t\t<\/figure>\n\t<\/div>\n\n\t<div class=\"wpb_text_column wpb_content_element \" >\n\t\t<div class=\"wpb_wrapper\">\n\t\t\t\n\t\t<\/div>\n\t<\/div>\n<\/div><\/div><\/div><div class=\"wpb_column vc_column_container vc_col-sm-4 vc_col-lg-6 vc_col-md-12\"><div class=\"vc_column-inner vc_custom_1682423289412\"><div class=\"wpb_wrapper\"><div class=\"qodef-elements-holder qodef-responsive-mode-768\" ><div class=\"qodef-elements-holder-item \" data-item-class=\"qodef-elements-holder-custom-566690\" data-1280-1440=\"17.5% 14% 0 10%\" data-1024-1280=\"13% 13% 0 9%\" data-768-1024=\"10% 13% 10.2% 8%\" data-600-768=\"10% 13% 10.2% 8%\" data-480-600=\"20% 12% 20% 10%\" data-480=\"20% 12% 20% 10%\" >\n\t<div class=\"qodef-elements-holder-item-inner\">\n\t\t<div class=\"qodef-elements-holder-item-content qodef-elements-holder-custom-566690\" style=\"padding: 10% 20% 0 12%\">\n\t\t\t<div class=\"vc_row wpb_row vc_inner vc_row-fluid qodef-section qodef-content-aligment-left\" style=\"\"><div class=\"qodef-full-section-inner\"><div class=\"wpb_column vc_column_container vc_col-sm-4\"><div class=\"vc_column-inner\"><div class=\"wpb_wrapper\"><div class=\"qodef-icon-list-item\">\n    <div class=\"qodef-icon-list-icon-holder\" style=\"padding-right:12px\">\n        <div class=\"qodef-icon-list-icon-holder-inner clearfix\">\n\t\t\t<i class=\"qodef-icon-simple-line-icon icon-location-pin \" style=\"color:#df091a;font-size:21px\"><\/i>        <\/div>\n    <\/div>\n    <p class=\"qodef-icon-list-text\" style=\"color:#123758;font-size:15px\" > Palco Matriz<\/p>\n<\/div><\/div><\/div><\/div><div class=\"wpb_column vc_column_container vc_col-sm-4\"><div class=\"vc_column-inner\"><div class=\"wpb_wrapper\"><div class=\"qodef-icon-list-item\">\n    <div class=\"qodef-icon-list-icon-holder\" style=\"padding-right:12px\">\n        <div class=\"qodef-icon-list-icon-holder-inner clearfix\">\n\t\t\t<i class=\"qodef-icon-simple-line-icon icon-calender \" style=\"color:#df091a;font-size:21px\"><\/i>        <\/div>\n    <\/div>\n    <p class=\"qodef-icon-list-text\" style=\"color:#123758;font-size:15px\" > 27 JUN<\/p>\n<\/div><\/div><\/div><\/div><div class=\"wpb_column vc_column_container vc_col-sm-4\"><div class=\"vc_column-inner\"><div class=\"wpb_wrapper\"><div class=\"qodef-icon-list-item\">\n    <div class=\"qodef-icon-list-icon-holder\" style=\"padding-right:12px\">\n        <div class=\"qodef-icon-list-icon-holder-inner clearfix\">\n\t\t\t<i class=\"qodef-icon-simple-line-icon icon-clock \" style=\"color:#df091a;font-size:21px\"><\/i>        <\/div>\n    <\/div>\n    <p class=\"qodef-icon-list-text\" style=\"color:#123758;font-size:15px\" > 22h30<\/p>\n<\/div><\/div><\/div><\/div><\/div><\/div><div class=\"qodef-separator-holder clearfix  qodef-separator-left\">\n\t<div class=\"qodef-separator\" style=\"border-color: #df091a;border-style: solid;width: 22px;border-bottom-width: 3px;margin-top: 28px;margin-bottom: 28px\"><\/div>\n<\/div>\n\n\t<div class=\"wpb_text_column wpb_content_element \" >\n\t\t<div class=\"wpb_wrapper\">\n\t\t\t<h2><span style=\"color: #123758; text-transform: uppercase;\">Los Van Van<\/span><\/h2>\n\n\t\t<\/div>\n\t<\/div>\n\n\t<div class=\"wpb_text_column wpb_content_element \" >\n\t\t<div class=\"wpb_wrapper\">\n\t\t\t<h4><span style=\"color: #8a8a8a; text-transform: uppercase;\">(CU)<\/span><\/h4>\n\n\t\t<\/div>\n\t<\/div>\n<div class=\"qodef-separator-holder clearfix  qodef-separator-left\">\n\t<div class=\"qodef-separator\" style=\"border-color: #df091a;border-style: solid;width: 22px;border-bottom-width: 3px;margin-top: 28px;margin-bottom: 28px\"><\/div>\n<\/div>\n\n\t<div class=\"wpb_text_column wpb_content_element \" >\n\t\t<div class=\"wpb_wrapper\">\n\t\t\t<p>Em 1969, o som das ruas de Havana pulsava entre a tradi\u00e7\u00e3o e a esperan\u00e7a. Juan Formell, que passara pela Orquesta Rev\u00e9, ambiciona criar uma orquestra que traduza a vida quotidiana cubana em m\u00fasica. Inspirou-se na <em>charanga<\/em> cl\u00e1ssica formada por flauta, violinos e uma sec\u00e7\u00e3o r\u00edtmica leve, mas adicionou tamb\u00e9m baixo el\u00e9trico, bateria e teclados. O resultado? Um h\u00edbrido irresist\u00edvel: a <em>charanga<\/em> moderna, que transformou o panorama musical da ilha. O pr\u00f3prio nome \u201cVan Van\u201d ecoava o lema popular da \u00e9poca \u201c\u00a1Vamos a andar!\u201d. S\u00edmbolo de movimento, progresso e vitalidade inspirado nas iconogr\u00e1ficas camionetas sovi\u00e9ticas \u201cvan\u201d dessa \u00e9poca.<\/p>\n<p>Desde os anos 70, Los Van Van tornaram-se muito mais do que uma banda: passaram a ser uma institui\u00e7\u00e3o nacional e um fen\u00f3meno transcontinental. Foram pioneiros do <em>songo<\/em>, g\u00e9nero que misturou o sabor tradicional com o pulso el\u00e9trico doa pop, do funk e do jazz.<\/p>\n<p>Os arranjos de Juan Formell e do seu carism\u00e1tico trombonista Pupy Pedroso, aliados \u00e0s vozes \u00e1speras e cheias de \u201ccalle\u201d de Pedro Calvo, Mayito Rivera e tantos outros, definiram uma identidade sonora que influenciou orquestras e <em>salseros<\/em> de todo o mundo. Dos NG La Banda aos Irakere. Em Nova Iorque e em Cali, m\u00fasicos de salsa admitem que Los Van Van mudaram a gram\u00e1tica da m\u00fasica dan\u00e7\u00e1vel latino-americana.<\/p>\n<p>Em 2014, ap\u00f3s o falecimento de Juan Formell, o filho Juan que j\u00e1 era diretor musical de Los Van Van h\u00e1 uma d\u00e9cada, pega na batuta da orquestra e moderniza-a sem perder o balan\u00e7o genu\u00edno, incorporando samplers discretos, harmonias mais pop, e uma energia que transforma o palco em pista de baile universal.<\/p>\n<p>Los Van Van s\u00e3o uma orquestra que n\u00e3o repousa sobre o passado. T\u00eam o dom raro de soar a cl\u00e1ssico e a futuro ao mesmo tempo. V\u00ea-los no MED \u00e9 assistir \u00e0 mem\u00f3ria viva de Cuba com corpo inteiro. \u00c9 sentir o pulsar de Havana, o rumor do Caribe e o ADN do groove latino passado de pai para filho.<\/p>\n\n\t\t<\/div>\n\t<\/div>\n<div class=\"qodef-separator-holder clearfix  qodef-separator-center\">\n\t<div class=\"qodef-separator\" style=\"margin-top: 30px\"><\/div>\n<\/div>\n<div class=\"qodef-boxed-icons clearfix qodef-bi-skin-light qodef-bi-8-columns\"><div class=\"qodef-boxed-icon-holder\" >\n\t<div class=\"qodef-boxed-icon\">\n\t\t\t\t\t<a href=\"https:\/\/www.instagram.com\/losvanvanoficial\/\" target=\"_blank\">\n\t\t\t\t\t<div class=\"qodef-boxed-icon-inner\">\n\t\t\t\t\t\t\t\t\t\n    <span class=\"qodef-icon-shortcode normal\"  data-hover-color=\"#df091a\" data-color=\"#123758\">\n        \n        <span aria-hidden=\"true\" class=\"qodef-icon-font-elegant social_instagram_circle qodef-icon-element\" style=\"color: #123758;font-size:25px\" ><\/span>\n            <\/span>\n\n\t\t\t\t\t\t\t\t\t\t\t<\/div>\n\t\t\t\t\t<\/a>\n\t\t\t<\/div>\n<\/div><div class=\"qodef-boxed-icon-holder\" >\n\t<div class=\"qodef-boxed-icon\">\n\t\t\t\t\t<a href=\"https:\/\/www.facebook.com\/losvanvanoficial\" target=\"_blank\">\n\t\t\t\t\t<div class=\"qodef-boxed-icon-inner\">\n\t\t\t\t\t\t\t\t\t\n    <span class=\"qodef-icon-shortcode normal\"  data-hover-color=\"#df091a\" data-color=\"#123758\">\n        \n        <span aria-hidden=\"true\" class=\"qodef-icon-font-elegant social_facebook_circle qodef-icon-element\" style=\"color: #123758;font-size:25px\" ><\/span>\n            <\/span>\n\n\t\t\t\t\t\t\t\t\t\t\t<\/div>\n\t\t\t\t\t<\/a>\n\t\t\t<\/div>\n<\/div><\/div>\t\t<\/div>\n\t<\/div>\n<\/div><\/div><\/div><\/div><\/div><\/div><\/div><div class=\"vc_row wpb_row vc_row-fluid qodef-section vc_custom_1682435574170 qodef-content-aligment-left\" style=\"\"><div class=\"clearfix qodef-full-section-inner\"><div class=\"wpb_column vc_column_container vc_col-sm-4 vc_col-lg-6 vc_col-md-6\"><div class=\"vc_column-inner vc_custom_1682436744188\"><div class=\"wpb_wrapper\"><div class=\"vc_row wpb_row vc_inner vc_row-fluid qodef-section qodef-content-aligment-left\" style=\"\"><div class=\"qodef-full-section-inner\"><div class=\"wpb_column vc_column_container vc_col-sm-12\"><div class=\"vc_column-inner\"><div class=\"wpb_wrapper\">\n\t<div class=\"wpb_text_column wpb_content_element  vc_custom_1776701188150\" >\n\t\t<div class=\"wpb_wrapper\">\n\t\t\t<p><iframe title=\"YouTube video player\" src=\"https:\/\/www.youtube.com\/embed\/YxWyuhBSRfc?si=mPAWhgvrM4ncFj-g\" width=\"560\" height=\"315\" frameborder=\"0\" allowfullscreen=\"allowfullscreen\"><\/iframe><\/p>\n\n\t\t<\/div>\n\t<\/div>\n<\/div><\/div><\/div><\/div><\/div><\/div><\/div><\/div><div class=\"wpb_column vc_column_container vc_col-sm-4 vc_col-lg-6 vc_col-md-12\"><div class=\"vc_column-inner vc_custom_1682423289412\"><div class=\"wpb_wrapper\"><div class=\"qodef-elements-holder qodef-responsive-mode-768\" ><div class=\"qodef-elements-holder-item \" data-item-class=\"qodef-elements-holder-custom-153411\" data-1280-1440=\"17.5% 14% 0 10%\" data-1024-1280=\"13% 13% 0 9%\" data-768-1024=\"10% 13% 10.2% 8%\" data-600-768=\"10% 13% 10.2% 8%\" data-480-600=\"20% 12% 20% 10%\" data-480=\"20% 12% 20% 10%\" >\n\t<div class=\"qodef-elements-holder-item-inner\">\n\t\t<div class=\"qodef-elements-holder-item-content qodef-elements-holder-custom-153411\" style=\"padding: 10% 20% 0 12%\">\n\t\t\t<div class=\"qodef-audio-playlist-holder\">\n\t<iframe title=\"Spotify Embed: Los Van Van\" style=\"border-radius: 12px\" width=\"100%\" height=\"352\" frameborder=\"0\" allowfullscreen allow=\"autoplay; clipboard-write; encrypted-media; fullscreen; picture-in-picture\" loading=\"lazy\" src=\"https:\/\/open.spotify.com\/embed\/artist\/4B5PkQ1wMjo1siTN9yD9Ds?si=nVfvSqcpS1m54_L0eWrcKw&amp;theme=white&amp;utm_source=oembed\"><\/iframe><\/div>\n\t\t<\/div>\n\t<\/div>\n<\/div><\/div><\/div><\/div><\/div><\/div><\/div>\n","protected":false},"excerpt":{"rendered":"Home Palco Matriz 27 JUN 22h30 Los Van Van (CU) Em 1969, o som das ruas de Havana pulsava entre...","protected":false},"author":2,"featured_media":16506,"parent":14009,"menu_order":0,"comment_status":"closed","ping_status":"closed","template":"","meta":{"inline_featured_image":false,"_monsterinsights_skip_tracking":false,"_monsterinsights_sitenote_active":false,"_monsterinsights_sitenote_note":"","_monsterinsights_sitenote_category":0,"footnotes":""},"categories":[],"tags":[],"folder":[],"class_list":["post-16512","page","type-page","status-publish","has-post-thumbnail","hentry"],"aioseo_notices":[],"_links":{"self":[{"href":"https:\/\/festivalmed.cm-loule.pt\/en\/wp-json\/wp\/v2\/pages\/16512","targetHints":{"allow":["GET"]}}],"collection":[{"href":"https:\/\/festivalmed.cm-loule.pt\/en\/wp-json\/wp\/v2\/pages"}],"about":[{"href":"https:\/\/festivalmed.cm-loule.pt\/en\/wp-json\/wp\/v2\/types\/page"}],"author":[{"embeddable":true,"href":"https:\/\/festivalmed.cm-loule.pt\/en\/wp-json\/wp\/v2\/users\/2"}],"replies":[{"embeddable":true,"href":"https:\/\/festivalmed.cm-loule.pt\/en\/wp-json\/wp\/v2\/comments?post=16512"}],"version-history":[{"count":4,"href":"https:\/\/festivalmed.cm-loule.pt\/en\/wp-json\/wp\/v2\/pages\/16512\/revisions"}],"predecessor-version":[{"id":16517,"href":"https:\/\/festivalmed.cm-loule.pt\/en\/wp-json\/wp\/v2\/pages\/16512\/revisions\/16517"}],"up":[{"embeddable":true,"href":"https:\/\/festivalmed.cm-loule.pt\/en\/wp-json\/wp\/v2\/pages\/14009"}],"wp:featuredmedia":[{"embeddable":true,"href":"https:\/\/festivalmed.cm-loule.pt\/en\/wp-json\/wp\/v2\/media\/16506"}],"wp:attachment":[{"href":"https:\/\/festivalmed.cm-loule.pt\/en\/wp-json\/wp\/v2\/media?parent=16512"}],"wp:term":[{"taxonomy":"category","embeddable":true,"href":"https:\/\/festivalmed.cm-loule.pt\/en\/wp-json\/wp\/v2\/categories?post=16512"},{"taxonomy":"post_tag","embeddable":true,"href":"https:\/\/festivalmed.cm-loule.pt\/en\/wp-json\/wp\/v2\/tags?post=16512"},{"taxonomy":"folder","embeddable":true,"href":"https:\/\/festivalmed.cm-loule.pt\/en\/wp-json\/wp\/v2\/folder?post=16512"}],"curies":[{"name":"wp","href":"https:\/\/api.w.org\/{rel}","templated":true}]}}